{"id":3116,"date":"2025-07-11T09:36:19","date_gmt":"2025-07-11T07:36:19","guid":{"rendered":"https:\/\/www.torradilalba.com\/?page_id=3116"},"modified":"2026-02-25T07:28:15","modified_gmt":"2026-02-25T05:28:15","slug":"accueil","status":"publish","type":"page","link":"https:\/\/www.torradilalba.com\/de\/","title":{"rendered":"Startseite"},"content":{"rendered":"<div data-elementor-type=\"wp-page\" data-elementor-id=\"3116\" class=\"elementor elementor-3116\" data-elementor-post-type=\"page\">\n\t\t\t\t<div class=\"elementor-element elementor-element-7a6a89d e-flex e-con-boxed e-con e-parent\" data-id=\"7a6a89d\" data-element_type=\"container\" data-settings=\"{&quot;background_background&quot;:&quot;slideshow&quot;,&quot;background_slideshow_gallery&quot;:[{&quot;id&quot;:3125,&quot;url&quot;:&quot;https:\\\/\\\/www.torradilalba.com\\\/wp-content\\\/uploads\\\/2025\\\/07\\\/Torra-di-lalba-2025-07-1-2.jpg&quot;},{&quot;id&quot;:3345,&quot;url&quot;:&quot;https:\\\/\\\/www.torradilalba.com\\\/wp-content\\\/uploads\\\/2025\\\/11\\\/TORRA-DI-LALBA-Shoot-Lea-Dumont-2-28-1-scaled.jpg&quot;},{&quot;id&quot;:3346,&quot;url&quot;:&quot;https:\\\/\\\/www.torradilalba.com\\\/wp-content\\\/uploads\\\/2025\\\/11\\\/TORRA-DI-LALBA-Shoot-Lea-Dumont-2-53-scaled.jpg&quot;},{&quot;id&quot;:3156,&quot;url&quot;:&quot;https:\\\/\\\/www.torradilalba.com\\\/wp-content\\\/uploads\\\/2025\\\/07\\\/Torra-di-lalba-2025-07-32-2.jpg&quot;}],&quot;background_slideshow_slide_duration&quot;:4000,&quot;background_slideshow_transition_duration&quot;:1000,&quot;background_slideshow_ken_burns&quot;:&quot;yes&quot;,&quot;background_slideshow_ken_burns_zoom_direction&quot;:&quot;out&quot;,&quot;background_slideshow_loop&quot;:&quot;yes&quot;,&quot;background_slideshow_slide_transition&quot;:&quot;fade&quot;}\">\n\t\t\t\t\t<div class=\"e-con-inner\">\n\t\t\t\t<div class=\"elementor-element elementor-element-f9cb2bb elementor-widget elementor-widget-heading\" data-id=\"f9cb2bb\" data-element_type=\"widget\" data-widget_type=\"heading.default\">\n\t\t\t\t\t<h2 class=\"elementor-heading-title elementor-size-default\">Ein au\u00dfergew\u00f6hnlicher Ort zwischen Meer und Macchia, Modernit\u00e4t und Kulturerbe<\/h2>\t\t\t\t<\/div>\n\t\t\t\t<div class=\"elementor-element elementor-element-af54cc5 elementor-widget elementor-widget-heading\" data-id=\"af54cc5\" data-element_type=\"widget\" data-widget_type=\"heading.default\">\n\t\t\t\t\t<h1 class=\"elementor-heading-title elementor-size-default\">Ferienhaus mit 3 Schlafzimmern und Pool zu mieten in Viggianello, Korsika<\/h1>\t\t\t\t<\/div>\n\t\t\t\t\t<\/div>\n\t\t\t\t<\/div>\n\t\t<div class=\"elementor-element elementor-element-6eca7d8 e-flex e-con-boxed e-con e-parent\" data-id=\"6eca7d8\" data-element_type=\"container\" id=\"presentation\">\n\t\t\t\t\t<div class=\"e-con-inner\">\n\t\t<div class=\"elementor-element elementor-element-c54ba70 e-con-full e-flex e-con e-child\" data-id=\"c54ba70\" data-element_type=\"container\">\n\t\t\t\t<div class=\"elementor-element elementor-element-f3f356b elementor-invisible elementor-widget elementor-widget-image\" data-id=\"f3f356b\" data-element_type=\"widget\" data-settings=\"{&quot;_animation&quot;:&quot;scaleIn&quot;,&quot;motion_fx_motion_fx_scrolling&quot;:&quot;yes&quot;,&quot;motion_fx_translateY_effect&quot;:&quot;yes&quot;,&quot;motion_fx_translateY_speed&quot;:{&quot;unit&quot;:&quot;px&quot;,&quot;size&quot;:1.2,&quot;sizes&quot;:[]},&quot;motion_fx_translateY_affectedRange&quot;:{&quot;unit&quot;:&quot;%&quot;,&quot;size&quot;:&quot;&quot;,&quot;sizes&quot;:{&quot;start&quot;:0,&quot;end&quot;:100}},&quot;motion_fx_devices&quot;:[&quot;desktop&quot;,&quot;laptop&quot;,&quot;tablet&quot;,&quot;mobile_extra&quot;,&quot;mobile&quot;]}\" data-widget_type=\"image.default\">\n\t\t\t\t\t\t\t\t\t\t\t\t\t\t\t<img fetchpriority=\"high\" decoding=\"async\" width=\"1500\" height=\"1000\" src=\"https:\/\/www.torradilalba.com\/wp-content\/uploads\/2025\/07\/Torra-di-lalba-2025-07-1-2.jpg\" class=\"attachment-full size-full wp-image-3125\" alt=\"\" srcset=\"https:\/\/www.torradilalba.com\/wp-content\/uploads\/2025\/07\/Torra-di-lalba-2025-07-1-2.jpg 1500w, https:\/\/www.torradilalba.com\/wp-content\/uploads\/2025\/07\/Torra-di-lalba-2025-07-1-2-300x200.jpg 300w, https:\/\/www.torradilalba.com\/wp-content\/uploads\/2025\/07\/Torra-di-lalba-2025-07-1-2-1024x683.jpg 1024w, https:\/\/www.torradilalba.com\/wp-content\/uploads\/2025\/07\/Torra-di-lalba-2025-07-1-2-768x512.jpg 768w\" sizes=\"(max-width: 1500px) 100vw, 1500px\" \/>\t\t\t\t\t\t\t\t\t\t\t\t\t\t\t<\/div>\n\t\t\t\t<div class=\"elementor-element elementor-element-296c0c3 elementor-widget__width-initial elementor-absolute elementor-invisible elementor-widget elementor-widget-image\" data-id=\"296c0c3\" data-element_type=\"widget\" data-settings=\"{&quot;_position&quot;:&quot;absolute&quot;,&quot;_animation&quot;:&quot;scaleIn&quot;,&quot;motion_fx_motion_fx_scrolling&quot;:&quot;yes&quot;,&quot;motion_fx_translateY_effect&quot;:&quot;yes&quot;,&quot;motion_fx_translateY_speed&quot;:{&quot;unit&quot;:&quot;px&quot;,&quot;size&quot;:1.7,&quot;sizes&quot;:[]},&quot;motion_fx_translateY_affectedRange&quot;:{&quot;unit&quot;:&quot;%&quot;,&quot;size&quot;:&quot;&quot;,&quot;sizes&quot;:{&quot;start&quot;:0,&quot;end&quot;:100}},&quot;motion_fx_devices&quot;:[&quot;desktop&quot;,&quot;laptop&quot;,&quot;tablet&quot;,&quot;mobile_extra&quot;,&quot;mobile&quot;]}\" data-widget_type=\"image.default\">\n\t\t\t\t\t\t\t\t\t\t\t\t\t\t\t<img decoding=\"async\" src=\"https:\/\/www.torradilalba.com\/wp-content\/uploads\/elementor\/thumbs\/TORRA-DI-LALBA-Shoot-Lea-Dumont-2-58-scaled-rez7uoxcc8eo5lu17r3lkn9i6d7ciggpk5mcxbo3uw.jpg\" title=\"TORRA DI LALBA - Schuss Lea Dumont 2 - 58\" alt=\"TORRA DI LALBA - Shoot Lea Dumont 2 - 58\" loading=\"lazy\" \/>\t\t\t\t\t\t\t\t\t\t\t\t\t\t\t<\/div>\n\t\t\t\t<\/div>\n\t\t<div class=\"elementor-element elementor-element-3ab8bbc e-con-full e-flex e-con e-child\" data-id=\"3ab8bbc\" data-element_type=\"container\">\n\t\t\t\t<div class=\"elementor-element elementor-element-293ee70 elementor-widget elementor-widget-heading\" data-id=\"293ee70\" data-element_type=\"widget\" data-settings=\"{&quot;motion_fx_motion_fx_scrolling&quot;:&quot;yes&quot;,&quot;motion_fx_translateY_effect&quot;:&quot;yes&quot;,&quot;motion_fx_translateY_speed&quot;:{&quot;unit&quot;:&quot;px&quot;,&quot;size&quot;:4,&quot;sizes&quot;:[]},&quot;motion_fx_translateY_affectedRange&quot;:{&quot;unit&quot;:&quot;%&quot;,&quot;size&quot;:&quot;&quot;,&quot;sizes&quot;:{&quot;start&quot;:0,&quot;end&quot;:100}},&quot;motion_fx_devices&quot;:[&quot;desktop&quot;,&quot;laptop&quot;,&quot;tablet&quot;,&quot;mobile_extra&quot;,&quot;mobile&quot;]}\" data-widget_type=\"heading.default\">\n\t\t\t\t\t<h2 class=\"elementor-heading-title elementor-size-default\">Entdecken Sie unser Haus zur Miete, 5 min von Propriano entfernt<\/h2>\t\t\t\t<\/div>\n\t\t\t\t<div class=\"elementor-element elementor-element-5f2231b elementor-widget elementor-widget-heading\" data-id=\"5f2231b\" data-element_type=\"widget\" data-settings=\"{&quot;motion_fx_motion_fx_scrolling&quot;:&quot;yes&quot;,&quot;motion_fx_translateY_effect&quot;:&quot;yes&quot;,&quot;motion_fx_translateY_speed&quot;:{&quot;unit&quot;:&quot;px&quot;,&quot;size&quot;:4,&quot;sizes&quot;:[]},&quot;motion_fx_translateY_affectedRange&quot;:{&quot;unit&quot;:&quot;%&quot;,&quot;size&quot;:&quot;&quot;,&quot;sizes&quot;:{&quot;start&quot;:0,&quot;end&quot;:100}},&quot;motion_fx_devices&quot;:[&quot;desktop&quot;,&quot;laptop&quot;,&quot;tablet&quot;,&quot;mobile_extra&quot;,&quot;mobile&quot;]}\" data-widget_type=\"heading.default\">\n\t\t\t\t\t<h3 class=\"elementor-heading-title elementor-size-default\">Eine Oase des Friedens &amp; der Eleganz im Herzen S\u00fcdkorsikas<\/h3>\t\t\t\t<\/div>\n\t\t\t\t<div class=\"elementor-element elementor-element-f01ad1e elementor-widget elementor-widget-text-editor\" data-id=\"f01ad1e\" data-element_type=\"widget\" data-settings=\"{&quot;motion_fx_motion_fx_scrolling&quot;:&quot;yes&quot;,&quot;motion_fx_translateY_effect&quot;:&quot;yes&quot;,&quot;motion_fx_translateY_speed&quot;:{&quot;unit&quot;:&quot;px&quot;,&quot;size&quot;:3,&quot;sizes&quot;:[]},&quot;motion_fx_translateY_affectedRange&quot;:{&quot;unit&quot;:&quot;%&quot;,&quot;size&quot;:&quot;&quot;,&quot;sizes&quot;:{&quot;start&quot;:0,&quot;end&quot;:100}},&quot;motion_fx_devices&quot;:[&quot;desktop&quot;,&quot;laptop&quot;,&quot;tablet&quot;,&quot;mobile_extra&quot;,&quot;mobile&quot;]}\" data-widget_type=\"text-editor.default\">\n\t\t\t\t\t\t\t\t\t<p data-start=\"224\" data-end=\"615\">Mit Blick auf den Golf von Valinco ist Torra di l'Alba viel mehr als ein Ferienhaus: Es ist ein seltener Ort, eine <strong data-start=\"339\" data-end=\"379\">ehemaliges befestigtes Haus aus dem 16.<\/strong>Dieses Haus wurde vollst\u00e4ndig renoviert und in ein Prestigeobjekt umgewandelt. Es liegt im Herzen des Dorfes Viggianello, nur 5 Minuten von Propriano und den Str\u00e4nden entfernt, und bietet ein feines Gleichgewicht zwischen <strong data-start=\"553\" data-end=\"614\">Kulturerbe, moderner Komfort und mediterrane Lebensart<\/strong>.<\/p><p data-start=\"617\" data-end=\"898\" data-is-last-node=\"\" data-is-only-node=\"\">Umgeben von einem Garten mit B\u00e4umen und Schatten, geschm\u00fcckt mit alten Pflastersteinen und einem Weinberg, bietet das Anwesen einen <strong data-start=\"717\" data-end=\"744\">intimer und raffinierter Rahmen<\/strong>. Der private, tiefer gelegene Pool f\u00fcgt sich diskret in die Landschaft ein und bietet einen <strong data-start=\"832\" data-end=\"860\">einzigartiger Erholungsraum<\/strong>In der N\u00e4he der Stadt, zwischen Stein, Vegetation und Horizont<\/p>\t\t\t\t\t\t\t\t<\/div>\n\t\t\t\t<\/div>\n\t\t\t\t\t<\/div>\n\t\t\t\t<\/div>\n\t\t<div class=\"elementor-element elementor-element-a925fde e-flex e-con-boxed e-con e-parent\" data-id=\"a925fde\" data-element_type=\"container\">\n\t\t\t\t\t<div class=\"e-con-inner\">\n\t\t<div class=\"elementor-element elementor-element-788cf4d e-con-full e-flex e-con e-child\" data-id=\"788cf4d\" data-element_type=\"container\">\n\t\t\t\t<div class=\"elementor-element elementor-element-d56e4c0 elementor-widget elementor-widget-heading\" data-id=\"d56e4c0\" data-element_type=\"widget\" data-settings=\"{&quot;motion_fx_motion_fx_scrolling&quot;:&quot;yes&quot;,&quot;motion_fx_translateY_effect&quot;:&quot;yes&quot;,&quot;motion_fx_translateY_speed&quot;:{&quot;unit&quot;:&quot;px&quot;,&quot;size&quot;:1.2,&quot;sizes&quot;:[]},&quot;motion_fx_translateY_affectedRange&quot;:{&quot;unit&quot;:&quot;%&quot;,&quot;size&quot;:&quot;&quot;,&quot;sizes&quot;:{&quot;start&quot;:0,&quot;end&quot;:100}},&quot;motion_fx_devices&quot;:[&quot;desktop&quot;,&quot;laptop&quot;,&quot;tablet&quot;,&quot;mobile_extra&quot;,&quot;mobile&quot;]}\" data-widget_type=\"heading.default\">\n\t\t\t\t\t<h2 class=\"elementor-heading-title elementor-size-default\">Moderner Komfort in einem Turm aus dem 16. Jahrhundert mit reicher Geschichte<\/h2>\t\t\t\t<\/div>\n\t\t\t\t<div class=\"elementor-element elementor-element-824266b elementor-widget elementor-widget-button\" data-id=\"824266b\" data-element_type=\"widget\" data-settings=\"{&quot;motion_fx_motion_fx_scrolling&quot;:&quot;yes&quot;,&quot;motion_fx_translateY_effect&quot;:&quot;yes&quot;,&quot;motion_fx_translateY_speed&quot;:{&quot;unit&quot;:&quot;px&quot;,&quot;size&quot;:1.4,&quot;sizes&quot;:[]},&quot;motion_fx_translateY_affectedRange&quot;:{&quot;unit&quot;:&quot;%&quot;,&quot;size&quot;:&quot;&quot;,&quot;sizes&quot;:{&quot;start&quot;:0,&quot;end&quot;:100}},&quot;motion_fx_devices&quot;:[&quot;desktop&quot;,&quot;laptop&quot;,&quot;tablet&quot;,&quot;mobile_extra&quot;,&quot;mobile&quot;]}\" data-widget_type=\"button.default\">\n\t\t\t\t\t\t\t\t\t\t<a class=\"elementor-button elementor-button-link elementor-size-sm\" href=\"https:\/\/www.torradilalba.com\/index.php\/histoire\/\">\n\t\t\t\t\t\t<span class=\"elementor-button-content-wrapper\">\n\t\t\t\t\t\t\t\t\t<span class=\"elementor-button-text\">Geschichte entdecken<\/span>\n\t\t\t\t\t<\/span>\n\t\t\t\t\t<\/a>\n\t\t\t\t\t\t\t\t<\/div>\n\t\t\t\t<\/div>\n\t\t<div class=\"elementor-element elementor-element-59e707e e-con-full e-flex e-con e-child\" data-id=\"59e707e\" data-element_type=\"container\">\n\t\t\t\t<div class=\"elementor-element elementor-element-473dc59 elementor-widget elementor-widget-text-editor\" data-id=\"473dc59\" data-element_type=\"widget\" data-settings=\"{&quot;motion_fx_motion_fx_scrolling&quot;:&quot;yes&quot;,&quot;motion_fx_translateY_effect&quot;:&quot;yes&quot;,&quot;motion_fx_translateY_speed&quot;:{&quot;unit&quot;:&quot;px&quot;,&quot;size&quot;:1.4,&quot;sizes&quot;:[]},&quot;motion_fx_translateY_affectedRange&quot;:{&quot;unit&quot;:&quot;%&quot;,&quot;size&quot;:&quot;&quot;,&quot;sizes&quot;:{&quot;start&quot;:0,&quot;end&quot;:100}},&quot;motion_fx_devices&quot;:[&quot;desktop&quot;,&quot;laptop&quot;,&quot;tablet&quot;,&quot;mobile_extra&quot;,&quot;mobile&quot;]}\" data-widget_type=\"text-editor.default\">\n\t\t\t\t\t\t\t\t\t<p data-start=\"235\" data-end=\"589\">Torra di l'Alba ist <strong>ein altes befestigtes Haus aus dem 16.<\/strong>, umgewandelt in <strong>Prestigewohnung<\/strong> von <strong>180 m\u00b2<\/strong>Auf drei Ebenen verteilt, bietet sie Platz f\u00fcr bis zu <strong>6 Personen<\/strong>. Es verf\u00fcgt \u00fcber 3 klimatisierte Schlafzimmer, 2 B\u00e4der, ein gro\u00dfes, helles Wohnzimmer, das sich zu einer Terrasse mit Meerblick \u00f6ffnet, und eine voll ausgestattete K\u00fcche. <strong>Die High-End-Ausstattung<\/strong> umfassen einen Fitnessraum mit Sauna, einen privaten Kinosaal mit Gro\u00dfbildschirm und professionellem Audiosystem sowie einen Au\u00dfenpool, der in den 100 m\u00b2 gro\u00dfen, geschlossenen Garten mit B\u00e4umen integriert ist. <strong>Eine Ladestation f\u00fcr Elektrofahrzeuge<\/strong> steht ebenfalls zur Verf\u00fcgung. Das Haus liegt im Herzen des Dorfes Viggianello, nur 5 Minuten von den Str\u00e4nden und dem Hafen von Propriano entfernt. Es vereint historisches Erbe, modernen Komfort und au\u00dfergew\u00f6hnliche Leistungen.<\/p>\t\t\t\t\t\t\t\t<\/div>\n\t\t\t\t<\/div>\n\t\t\t\t\t<\/div>\n\t\t\t\t<\/div>\n\t\t<div class=\"elementor-element elementor-element-9840b27 e-flex e-con-boxed e-con e-parent\" data-id=\"9840b27\" data-element_type=\"container\">\n\t\t\t\t\t<div class=\"e-con-inner\">\n\t\t<div class=\"elementor-element elementor-element-607bed5 e-con-full e-flex e-con e-child\" data-id=\"607bed5\" data-element_type=\"container\" data-settings=\"{&quot;motion_fx_motion_fx_scrolling&quot;:&quot;yes&quot;,&quot;motion_fx_translateY_effect&quot;:&quot;yes&quot;,&quot;motion_fx_translateY_speed&quot;:{&quot;unit&quot;:&quot;px&quot;,&quot;size&quot;:4,&quot;sizes&quot;:[]},&quot;motion_fx_translateY_affectedRange&quot;:{&quot;unit&quot;:&quot;%&quot;,&quot;size&quot;:&quot;&quot;,&quot;sizes&quot;:{&quot;start&quot;:0,&quot;end&quot;:100}},&quot;motion_fx_devices&quot;:[&quot;desktop&quot;,&quot;laptop&quot;,&quot;tablet&quot;,&quot;mobile_extra&quot;,&quot;mobile&quot;]}\">\n\t\t<div class=\"elementor-element elementor-element-43b01f7 e-grid e-con-full elementor-invisible e-con e-child\" data-id=\"43b01f7\" data-element_type=\"container\" data-settings=\"{&quot;animation&quot;:&quot;fadeInUp&quot;}\">\n\t\t\t\t<div class=\"elementor-element elementor-element-1a589c7 elementor-position-top elementor-widget elementor-widget-image-box\" data-id=\"1a589c7\" data-element_type=\"widget\" data-widget_type=\"image-box.default\">\n\t\t\t\t\t<div class=\"elementor-image-box-wrapper\"><figure class=\"elementor-image-box-img\"><img decoding=\"async\" width=\"500\" height=\"500\" src=\"https:\/\/www.torradilalba.com\/wp-content\/uploads\/2025\/07\/Plan-de-travail-6.png\" class=\"attachment-full size-full wp-image-3178\" alt=\"\" srcset=\"https:\/\/www.torradilalba.com\/wp-content\/uploads\/2025\/07\/Plan-de-travail-6.png 500w, https:\/\/www.torradilalba.com\/wp-content\/uploads\/2025\/07\/Plan-de-travail-6-300x300.png 300w, https:\/\/www.torradilalba.com\/wp-content\/uploads\/2025\/07\/Plan-de-travail-6-150x150.png 150w\" sizes=\"(max-width: 500px) 100vw, 500px\" \/><\/figure><div class=\"elementor-image-box-content\"><h4 class=\"elementor-image-box-title\">Privater Swimmingpool<\/h4><p class=\"elementor-image-box-description\">Genie\u00dfen Sie einen intimen, von Stein und Holz umgebenen Teich, der sich perfekt in den Garten einf\u00fcgt. Ein ruhiger und schattiger Bereich, ideal zum Entspannen inmitten der korsischen Macchia.<\/p><\/div><\/div>\t\t\t\t<\/div>\n\t\t\t\t<div class=\"elementor-element elementor-element-44a7c23 elementor-position-top elementor-widget elementor-widget-image-box\" data-id=\"44a7c23\" data-element_type=\"widget\" data-widget_type=\"image-box.default\">\n\t\t\t\t\t<div class=\"elementor-image-box-wrapper\"><figure class=\"elementor-image-box-img\"><img decoding=\"async\" width=\"500\" height=\"500\" src=\"https:\/\/www.torradilalba.com\/wp-content\/uploads\/2025\/07\/Plan-de-travail-5.png\" class=\"attachment-full size-full wp-image-3177\" alt=\"\" srcset=\"https:\/\/www.torradilalba.com\/wp-content\/uploads\/2025\/07\/Plan-de-travail-5.png 500w, https:\/\/www.torradilalba.com\/wp-content\/uploads\/2025\/07\/Plan-de-travail-5-300x300.png 300w, https:\/\/www.torradilalba.com\/wp-content\/uploads\/2025\/07\/Plan-de-travail-5-150x150.png 150w\" sizes=\"(max-width: 500px) 100vw, 500px\" \/><\/figure><div class=\"elementor-image-box-content\"><h4 class=\"elementor-image-box-title\">Kinosaal<\/h4><p class=\"elementor-image-box-description\">Ein echter Vorf\u00fchrraum mit einer riesigen Leinwand, einem professionellen Audiosystem und bequemen Sofas. So erleben Sie Ihre Filme wie im Kino, ohne das Haus verlassen zu m\u00fcssen.<\/p><\/div><\/div>\t\t\t\t<\/div>\n\t\t\t\t<div class=\"elementor-element elementor-element-3bde52c elementor-position-top elementor-widget elementor-widget-image-box\" data-id=\"3bde52c\" data-element_type=\"widget\" data-widget_type=\"image-box.default\">\n\t\t\t\t\t<div class=\"elementor-image-box-wrapper\"><figure class=\"elementor-image-box-img\"><img loading=\"lazy\" decoding=\"async\" width=\"500\" height=\"500\" src=\"https:\/\/www.torradilalba.com\/wp-content\/uploads\/2025\/07\/Plan-de-travail-4.png\" class=\"attachment-full size-full wp-image-3176\" alt=\"\" srcset=\"https:\/\/www.torradilalba.com\/wp-content\/uploads\/2025\/07\/Plan-de-travail-4.png 500w, https:\/\/www.torradilalba.com\/wp-content\/uploads\/2025\/07\/Plan-de-travail-4-300x300.png 300w, https:\/\/www.torradilalba.com\/wp-content\/uploads\/2025\/07\/Plan-de-travail-4-150x150.png 150w\" sizes=\"(max-width: 500px) 100vw, 500px\" \/><\/figure><div class=\"elementor-image-box-content\"><h4 class=\"elementor-image-box-title\">Fitnessraum &amp; Sauna<\/h4><p class=\"elementor-image-box-description\">Ein Wellnessbereich, der mit Maschinen und Zubeh\u00f6r f\u00fcr Ihre Sport- und Entspannungs\u00fcbungen ausgestattet ist. Die Sauna vervollst\u00e4ndigt das Erlebnis f\u00fcr einen Moment der absoluten Entspannung zu jeder Zeit.<\/p><\/div><\/div>\t\t\t\t<\/div>\n\t\t\t\t<div class=\"elementor-element elementor-element-bdb4bb8 elementor-position-top elementor-widget elementor-widget-image-box\" data-id=\"bdb4bb8\" data-element_type=\"widget\" data-widget_type=\"image-box.default\">\n\t\t\t\t\t<div class=\"elementor-image-box-wrapper\"><figure class=\"elementor-image-box-img\"><img loading=\"lazy\" decoding=\"async\" width=\"500\" height=\"500\" src=\"https:\/\/www.torradilalba.com\/wp-content\/uploads\/2025\/07\/Plan-de-travail-2.png\" class=\"attachment-full size-full wp-image-3174\" alt=\"\" srcset=\"https:\/\/www.torradilalba.com\/wp-content\/uploads\/2025\/07\/Plan-de-travail-2.png 500w, https:\/\/www.torradilalba.com\/wp-content\/uploads\/2025\/07\/Plan-de-travail-2-300x300.png 300w, https:\/\/www.torradilalba.com\/wp-content\/uploads\/2025\/07\/Plan-de-travail-2-150x150.png 150w\" sizes=\"(max-width: 500px) 100vw, 500px\" \/><\/figure><div class=\"elementor-image-box-content\"><h4 class=\"elementor-image-box-title\">Aufladen von Elektroautos<\/h4><p class=\"elementor-image-box-description\">Auf dem Grundst\u00fcck steht Ihnen eine elektrische Ladestation zur Verf\u00fcgung, an der Sie Elektro- und Hybridfahrzeuge einfach und entspannt aufladen k\u00f6nnen.<\/p><\/div><\/div>\t\t\t\t<\/div>\n\t\t\t\t<\/div>\n\t\t\t\t<\/div>\n\t\t\t\t\t<\/div>\n\t\t\t\t<\/div>\n\t\t<div class=\"elementor-element elementor-element-89a5b9a e-con-full e-flex e-con e-parent\" data-id=\"89a5b9a\" data-element_type=\"container\" id=\"video\" data-settings=\"{&quot;background_background&quot;:&quot;video&quot;}\">\n\t\t\t\t<div class=\"elementor-element elementor-element-3d33342 elementor-widget elementor-widget-video\" data-id=\"3d33342\" data-element_type=\"widget\" data-settings=\"{&quot;youtube_url&quot;:&quot;https:\\\/\\\/www.youtube.com\\\/watch?v=irUpjFGbXQk&quot;,&quot;yt_privacy&quot;:&quot;yes&quot;,&quot;lazy_load&quot;:&quot;yes&quot;,&quot;show_image_overlay&quot;:&quot;yes&quot;,&quot;image_overlay&quot;:{&quot;url&quot;:&quot;https:\\\/\\\/www.torradilalba.com\\\/wp-content\\\/uploads\\\/2025\\\/07\\\/Torra-di-lalba-2025-07-4-2.jpg&quot;,&quot;id&quot;:3128,&quot;size&quot;:&quot;&quot;,&quot;alt&quot;:&quot;&quot;,&quot;source&quot;:&quot;library&quot;},&quot;motion_fx_motion_fx_scrolling&quot;:&quot;yes&quot;,&quot;motion_fx_translateY_effect&quot;:&quot;yes&quot;,&quot;video_type&quot;:&quot;youtube&quot;,&quot;controls&quot;:&quot;yes&quot;,&quot;motion_fx_translateY_speed&quot;:{&quot;unit&quot;:&quot;px&quot;,&quot;size&quot;:4,&quot;sizes&quot;:[]},&quot;motion_fx_translateY_affectedRange&quot;:{&quot;unit&quot;:&quot;%&quot;,&quot;size&quot;:&quot;&quot;,&quot;sizes&quot;:{&quot;start&quot;:0,&quot;end&quot;:100}},&quot;motion_fx_devices&quot;:[&quot;desktop&quot;,&quot;laptop&quot;,&quot;tablet&quot;,&quot;mobile_extra&quot;,&quot;mobile&quot;]}\" data-widget_type=\"video.default\">\n\t\t\t\t\t\t\t<div class=\"elementor-wrapper elementor-open-inline\">\n\t\t\t<div class=\"elementor-video\"><\/div>\t\t\t\t<div class=\"elementor-custom-embed-image-overlay\" style=\"background-image: url(https:\/\/www.torradilalba.com\/wp-content\/uploads\/2025\/07\/Torra-di-lalba-2025-07-4-2.jpg);\">\n\t\t\t\t\t\t\t\t\t\t\t\t\t\t\t\t<div class=\"elementor-custom-embed-play\" role=\"button\" aria-label=\"Video abspielen\" tabindex=\"0\">\n\t\t\t\t\t\t\t<svg aria-hidden=\"true\" class=\"e-font-icon-svg e-eicon-play\" viewbox=\"0 0 1000 1000\" xmlns=\"http:\/\/www.w3.org\/2000\/svg\"><path d=\"M838 162C746 71 633 25 500 25 371 25 258 71 163 162 71 254 25 367 25 500 25 633 71 746 163 837 254 929 367 979 500 979 633 979 746 933 838 837 929 746 975 633 975 500 975 367 929 254 838 162M808 192C892 279 933 379 933 500 933 621 892 725 808 808 725 892 621 938 500 938 379 938 279 896 196 808 113 725 67 621 67 500 67 379 108 279 196 192 279 108 383 62 500 62 621 62 721 108 808 192M438 392V642L642 517 438 392Z\"><\/path><\/svg>\t\t\t\t\t\t<\/div>\n\t\t\t\t\t\t\t\t\t<\/div>\n\t\t\t\t\t<\/div>\n\t\t\t\t\t\t<\/div>\n\t\t\t\t<\/div>\n\t\t<div class=\"elementor-element elementor-element-1b3121a e-flex e-con-boxed e-con e-parent\" data-id=\"1b3121a\" data-element_type=\"container\" id=\"histoire\">\n\t\t\t\t\t<div class=\"e-con-inner\">\n\t\t\t\t<div class=\"elementor-element elementor-element-4068edf elementor-widget elementor-widget-heading\" data-id=\"4068edf\" data-element_type=\"widget\" data-settings=\"{&quot;motion_fx_motion_fx_scrolling&quot;:&quot;yes&quot;,&quot;motion_fx_scale_effect&quot;:&quot;yes&quot;,&quot;motion_fx_scale_range&quot;:{&quot;unit&quot;:&quot;%&quot;,&quot;size&quot;:&quot;&quot;,&quot;sizes&quot;:{&quot;start&quot;:54,&quot;end&quot;:100}},&quot;motion_fx_scale_speed&quot;:{&quot;unit&quot;:&quot;px&quot;,&quot;size&quot;:1,&quot;sizes&quot;:[]},&quot;motion_fx_scale_direction&quot;:&quot;out-in&quot;,&quot;motion_fx_devices&quot;:[&quot;desktop&quot;,&quot;laptop&quot;,&quot;tablet&quot;,&quot;mobile_extra&quot;,&quot;mobile&quot;]}\" data-widget_type=\"heading.default\">\n\t\t\t\t\t<h3 class=\"elementor-heading-title elementor-size-default\">Eine geduldige, von Emotionen gen\u00e4hrte Wiedergeburt<\/h3>\t\t\t\t<\/div>\n\t\t\t\t<div class=\"elementor-element elementor-element-b44cea8 elementor-widget elementor-widget-text-editor\" data-id=\"b44cea8\" data-element_type=\"widget\" data-widget_type=\"text-editor.default\">\n\t\t\t\t\t\t\t\t\t<p data-start=\"148\" data-end=\"644\">La Torra di l'Alba hat seinen Platz in der Landschaft wiedergefunden, stolz und diskret zugleich. Sorgf\u00e4ltig restauriert, vereint dieses ehemalige befestigte Haus heute <strong data-start=\"400\" data-end=\"429\">die Seele der korsischen Geb\u00e4ude<\/strong> und <strong data-start=\"433\" data-end=\"472\">den Komfort eines repr\u00e4sentativen Hauses<\/strong>. Originalsteine, klare Linien, offene R\u00e4ume mit Blick auf die Macchia... Der Empfang beginnt hier schon beim ersten Blick.<\/p>\t\t\t\t\t\t\t\t<\/div>\n\t\t\t\t\t<\/div>\n\t\t\t\t<\/div>\n\t\t<div class=\"elementor-element elementor-element-ae901b6 e-flex e-con-boxed e-con e-parent\" data-id=\"ae901b6\" data-element_type=\"container\" id=\"photos\">\n\t\t\t\t\t<div class=\"e-con-inner\">\n\t\t\t\t<div class=\"elementor-element elementor-element-c03c60d elementor-widget elementor-widget-gallery\" data-id=\"c03c60d\" data-element_type=\"widget\" data-settings=\"{&quot;gallery_layout&quot;:&quot;masonry&quot;,&quot;columns_mobile&quot;:2,&quot;lazyload&quot;:&quot;yes&quot;,&quot;columns&quot;:4,&quot;columns_tablet&quot;:2,&quot;gap&quot;:{&quot;unit&quot;:&quot;px&quot;,&quot;size&quot;:10,&quot;sizes&quot;:[]},&quot;gap_laptop&quot;:{&quot;unit&quot;:&quot;px&quot;,&quot;size&quot;:10,&quot;sizes&quot;:[]},&quot;gap_tablet&quot;:{&quot;unit&quot;:&quot;px&quot;,&quot;size&quot;:10,&quot;sizes&quot;:[]},&quot;gap_mobile_extra&quot;:{&quot;unit&quot;:&quot;px&quot;,&quot;size&quot;:10,&quot;sizes&quot;:[]},&quot;gap_mobile&quot;:{&quot;unit&quot;:&quot;px&quot;,&quot;size&quot;:10,&quot;sizes&quot;:[]},&quot;link_to&quot;:&quot;file&quot;,&quot;overlay_background&quot;:&quot;yes&quot;,&quot;content_hover_animation&quot;:&quot;fade-in&quot;}\" data-widget_type=\"gallery.default\">\n\t\t\t\t\t\t\t<div class=\"elementor-gallery__container\">\n\t\t\t\t\t\t\t<a class=\"e-gallery-item elementor-gallery-item elementor-animated-content\" href=\"https:\/\/www.torradilalba.com\/wp-content\/uploads\/2025\/07\/Torra-di-lalba-2025-07-3-2.jpg\" data-elementor-open-lightbox=\"yes\" data-elementor-lightbox-slideshow=\"c03c60d\" data-elementor-lightbox-title=\"Torra di lalba - 2025 - 07 - 3-2\" data-e-action-hash=\"#elementor-action%3Aaction%3Dlightbox%26settings%3DeyJpZCI6MzEyNywidXJsIjoiaHR0cHM6XC9cL3d3dy50b3JyYWRpbGFsYmEuY29tXC93cC1jb250ZW50XC91cGxvYWRzXC8yMDI1XC8wN1wvVG9ycmEtZGktbGFsYmEtMjAyNS0wNy0zLTIuanBnIiwic2xpZGVzaG93IjoiYzAzYzYwZCJ9\">\n\t\t\t\t\t<div class=\"e-gallery-image elementor-gallery-item__image\" data-thumbnail=\"https:\/\/www.torradilalba.com\/wp-content\/uploads\/2025\/07\/Torra-di-lalba-2025-07-3-2-683x1024.jpg\" data-width=\"683\" data-height=\"1024\" aria-label=\"\" role=\"img\" ><\/div>\n\t\t\t\t\t\t\t\t\t\t\t<div class=\"elementor-gallery-item__overlay\"><\/div>\n\t\t\t\t\t\t\t\t\t\t\t\t\t\t<\/a>\n\t\t\t\t\t\t\t<a class=\"e-gallery-item elementor-gallery-item elementor-animated-content\" href=\"https:\/\/www.torradilalba.com\/wp-content\/uploads\/2025\/11\/TORRA-DI-LALBA-Shoot-Lea-Dumont-2-29-scaled.jpg\" data-elementor-open-lightbox=\"yes\" data-elementor-lightbox-slideshow=\"c03c60d\" data-elementor-lightbox-title=\"TORRA DI LALBA - Shoot Lea Dumont 2 - 29\" data-e-action-hash=\"#elementor-action%3Aaction%3Dlightbox%26settings%3DeyJpZCI6MzM2MywidXJsIjoiaHR0cHM6XC9cL3d3dy50b3JyYWRpbGFsYmEuY29tXC93cC1jb250ZW50XC91cGxvYWRzXC8yMDI1XC8xMVwvVE9SUkEtREktTEFMQkEtU2hvb3QtTGVhLUR1bW9udC0yLTI5LXNjYWxlZC5qcGciLCJzbGlkZXNob3ciOiJjMDNjNjBkIn0%3D\">\n\t\t\t\t\t<div class=\"e-gallery-image elementor-gallery-item__image\" data-thumbnail=\"https:\/\/www.torradilalba.com\/wp-content\/uploads\/2025\/11\/TORRA-DI-LALBA-Shoot-Lea-Dumont-2-29-1024x683.jpg\" data-width=\"800\" data-height=\"534\" aria-label=\"\" role=\"img\" ><\/div>\n\t\t\t\t\t\t\t\t\t\t\t<div class=\"elementor-gallery-item__overlay\"><\/div>\n\t\t\t\t\t\t\t\t\t\t\t\t\t\t<\/a>\n\t\t\t\t\t\t\t<a class=\"e-gallery-item elementor-gallery-item elementor-animated-content\" href=\"https:\/\/www.torradilalba.com\/wp-content\/uploads\/2025\/07\/Torra-di-lalba-2025-07-34-2.jpg\" data-elementor-open-lightbox=\"yes\" data-elementor-lightbox-slideshow=\"c03c60d\" data-elementor-lightbox-title=\"Torra di lalba - 2025 - 07 - 34-2\" data-e-action-hash=\"#elementor-action%3Aaction%3Dlightbox%26settings%3DeyJpZCI6MzE1OCwidXJsIjoiaHR0cHM6XC9cL3d3dy50b3JyYWRpbGFsYmEuY29tXC93cC1jb250ZW50XC91cGxvYWRzXC8yMDI1XC8wN1wvVG9ycmEtZGktbGFsYmEtMjAyNS0wNy0zNC0yLmpwZyIsInNsaWRlc2hvdyI6ImMwM2M2MGQifQ%3D%3D\">\n\t\t\t\t\t<div class=\"e-gallery-image elementor-gallery-item__image\" data-thumbnail=\"https:\/\/www.torradilalba.com\/wp-content\/uploads\/2025\/07\/Torra-di-lalba-2025-07-34-2-683x1024.jpg\" data-width=\"683\" data-height=\"1024\" aria-label=\"\" role=\"img\" ><\/div>\n\t\t\t\t\t\t\t\t\t\t\t<div class=\"elementor-gallery-item__overlay\"><\/div>\n\t\t\t\t\t\t\t\t\t\t\t\t\t\t<\/a>\n\t\t\t\t\t\t\t<a class=\"e-gallery-item elementor-gallery-item elementor-animated-content\" href=\"https:\/\/www.torradilalba.com\/wp-content\/uploads\/2025\/11\/TORRA-DI-LALBA-Shoot-Lea-Dumont-2-100-scaled.jpg\" data-elementor-open-lightbox=\"yes\" data-elementor-lightbox-slideshow=\"c03c60d\" data-elementor-lightbox-title=\"TORRA DI LALBA - Shoot Lea Dumont 2 - 100\" data-e-action-hash=\"#elementor-action%3Aaction%3Dlightbox%26settings%3DeyJpZCI6MzM2NiwidXJsIjoiaHR0cHM6XC9cL3d3dy50b3JyYWRpbGFsYmEuY29tXC93cC1jb250ZW50XC91cGxvYWRzXC8yMDI1XC8xMVwvVE9SUkEtREktTEFMQkEtU2hvb3QtTGVhLUR1bW9udC0yLTEwMC1zY2FsZWQuanBnIiwic2xpZGVzaG93IjoiYzAzYzYwZCJ9\">\n\t\t\t\t\t<div class=\"e-gallery-image elementor-gallery-item__image\" data-thumbnail=\"https:\/\/www.torradilalba.com\/wp-content\/uploads\/2025\/11\/TORRA-DI-LALBA-Shoot-Lea-Dumont-2-100-1024x683.jpg\" data-width=\"800\" data-height=\"534\" aria-label=\"\" role=\"img\" ><\/div>\n\t\t\t\t\t\t\t\t\t\t\t<div class=\"elementor-gallery-item__overlay\"><\/div>\n\t\t\t\t\t\t\t\t\t\t\t\t\t\t<\/a>\n\t\t\t\t\t\t\t<a class=\"e-gallery-item elementor-gallery-item elementor-animated-content\" href=\"https:\/\/www.torradilalba.com\/wp-content\/uploads\/2025\/07\/Torra-di-lalba-2025-07-5-2.jpg\" data-elementor-open-lightbox=\"yes\" data-elementor-lightbox-slideshow=\"c03c60d\" data-elementor-lightbox-title=\"Torra di lalba - 2025 - 07 - 5-2\" data-e-action-hash=\"#elementor-action%3Aaction%3Dlightbox%26settings%3DeyJpZCI6MzEyOSwidXJsIjoiaHR0cHM6XC9cL3d3dy50b3JyYWRpbGFsYmEuY29tXC93cC1jb250ZW50XC91cGxvYWRzXC8yMDI1XC8wN1wvVG9ycmEtZGktbGFsYmEtMjAyNS0wNy01LTIuanBnIiwic2xpZGVzaG93IjoiYzAzYzYwZCJ9\">\n\t\t\t\t\t<div class=\"e-gallery-image elementor-gallery-item__image\" data-thumbnail=\"https:\/\/www.torradilalba.com\/wp-content\/uploads\/2025\/07\/Torra-di-lalba-2025-07-5-2-683x1024.jpg\" data-width=\"683\" data-height=\"1024\" aria-label=\"\" role=\"img\" ><\/div>\n\t\t\t\t\t\t\t\t\t\t\t<div class=\"elementor-gallery-item__overlay\"><\/div>\n\t\t\t\t\t\t\t\t\t\t\t\t\t\t<\/a>\n\t\t\t\t\t\t\t<a class=\"e-gallery-item elementor-gallery-item elementor-animated-content\" href=\"https:\/\/www.torradilalba.com\/wp-content\/uploads\/2025\/07\/Torra-di-lalba-2025-07-37-2.jpg\" data-elementor-open-lightbox=\"yes\" data-elementor-lightbox-slideshow=\"c03c60d\" data-elementor-lightbox-title=\"Torra di lalba - 2025 - 07 - 37-2\" data-e-action-hash=\"#elementor-action%3Aaction%3Dlightbox%26settings%3DeyJpZCI6MzE2MSwidXJsIjoiaHR0cHM6XC9cL3d3dy50b3JyYWRpbGFsYmEuY29tXC93cC1jb250ZW50XC91cGxvYWRzXC8yMDI1XC8wN1wvVG9ycmEtZGktbGFsYmEtMjAyNS0wNy0zNy0yLmpwZyIsInNsaWRlc2hvdyI6ImMwM2M2MGQifQ%3D%3D\">\n\t\t\t\t\t<div class=\"e-gallery-image elementor-gallery-item__image\" data-thumbnail=\"https:\/\/www.torradilalba.com\/wp-content\/uploads\/2025\/07\/Torra-di-lalba-2025-07-37-2-683x1024.jpg\" data-width=\"683\" data-height=\"1024\" aria-label=\"\" role=\"img\" ><\/div>\n\t\t\t\t\t\t\t\t\t\t\t<div class=\"elementor-gallery-item__overlay\"><\/div>\n\t\t\t\t\t\t\t\t\t\t\t\t\t\t<\/a>\n\t\t\t\t\t\t\t<a class=\"e-gallery-item elementor-gallery-item elementor-animated-content\" href=\"https:\/\/www.torradilalba.com\/wp-content\/uploads\/2025\/11\/TORRA-DI-LALBA-Shoot-Lea-Dumont-2-116-scaled.jpg\" data-elementor-open-lightbox=\"yes\" data-elementor-lightbox-slideshow=\"c03c60d\" data-elementor-lightbox-title=\"TORRA DI LALBA - Shoot Lea Dumont 2 - 116\" data-e-action-hash=\"#elementor-action%3Aaction%3Dlightbox%26settings%3DeyJpZCI6MzM2NSwidXJsIjoiaHR0cHM6XC9cL3d3dy50b3JyYWRpbGFsYmEuY29tXC93cC1jb250ZW50XC91cGxvYWRzXC8yMDI1XC8xMVwvVE9SUkEtREktTEFMQkEtU2hvb3QtTGVhLUR1bW9udC0yLTExNi1zY2FsZWQuanBnIiwic2xpZGVzaG93IjoiYzAzYzYwZCJ9\">\n\t\t\t\t\t<div class=\"e-gallery-image elementor-gallery-item__image\" data-thumbnail=\"https:\/\/www.torradilalba.com\/wp-content\/uploads\/2025\/11\/TORRA-DI-LALBA-Shoot-Lea-Dumont-2-116-683x1024.jpg\" data-width=\"683\" data-height=\"1024\" aria-label=\"\" role=\"img\" ><\/div>\n\t\t\t\t\t\t\t\t\t\t\t<div class=\"elementor-gallery-item__overlay\"><\/div>\n\t\t\t\t\t\t\t\t\t\t\t\t\t\t<\/a>\n\t\t\t\t\t\t\t<a class=\"e-gallery-item elementor-gallery-item elementor-animated-content\" href=\"https:\/\/www.torradilalba.com\/wp-content\/uploads\/2025\/07\/Torra-di-lalba-2025-07-33-2.jpg\" data-elementor-open-lightbox=\"yes\" data-elementor-lightbox-slideshow=\"c03c60d\" data-elementor-lightbox-title=\"Torra di lalba - 2025 - 07 - 33-2\" data-e-action-hash=\"#elementor-action%3Aaction%3Dlightbox%26settings%3DeyJpZCI6MzE1NywidXJsIjoiaHR0cHM6XC9cL3d3dy50b3JyYWRpbGFsYmEuY29tXC93cC1jb250ZW50XC91cGxvYWRzXC8yMDI1XC8wN1wvVG9ycmEtZGktbGFsYmEtMjAyNS0wNy0zMy0yLmpwZyIsInNsaWRlc2hvdyI6ImMwM2M2MGQifQ%3D%3D\">\n\t\t\t\t\t<div class=\"e-gallery-image elementor-gallery-item__image\" data-thumbnail=\"https:\/\/www.torradilalba.com\/wp-content\/uploads\/2025\/07\/Torra-di-lalba-2025-07-33-2-683x1024.jpg\" data-width=\"683\" data-height=\"1024\" aria-label=\"\" role=\"img\" ><\/div>\n\t\t\t\t\t\t\t\t\t\t\t<div class=\"elementor-gallery-item__overlay\"><\/div>\n\t\t\t\t\t\t\t\t\t\t\t\t\t\t<\/a>\n\t\t\t\t\t\t\t<a class=\"e-gallery-item elementor-gallery-item elementor-animated-content\" href=\"https:\/\/www.torradilalba.com\/wp-content\/uploads\/2025\/11\/TORRA-DI-LALBA-Shoot-Lea-Dumont-2-58-scaled.jpg\" data-elementor-open-lightbox=\"yes\" data-elementor-lightbox-slideshow=\"c03c60d\" data-elementor-lightbox-title=\"TORRA DI LALBA - Shoot Lea Dumont 2 - 58\" data-e-action-hash=\"#elementor-action%3Aaction%3Dlightbox%26settings%3DeyJpZCI6MzM1MSwidXJsIjoiaHR0cHM6XC9cL3d3dy50b3JyYWRpbGFsYmEuY29tXC93cC1jb250ZW50XC91cGxvYWRzXC8yMDI1XC8xMVwvVE9SUkEtREktTEFMQkEtU2hvb3QtTGVhLUR1bW9udC0yLTU4LXNjYWxlZC5qcGciLCJzbGlkZXNob3ciOiJjMDNjNjBkIn0%3D\">\n\t\t\t\t\t<div class=\"e-gallery-image elementor-gallery-item__image\" data-thumbnail=\"https:\/\/www.torradilalba.com\/wp-content\/uploads\/2025\/11\/TORRA-DI-LALBA-Shoot-Lea-Dumont-2-58-683x1024.jpg\" data-width=\"683\" data-height=\"1024\" aria-label=\"\" role=\"img\" ><\/div>\n\t\t\t\t\t\t\t\t\t\t\t<div class=\"elementor-gallery-item__overlay\"><\/div>\n\t\t\t\t\t\t\t\t\t\t\t\t\t\t<\/a>\n\t\t\t\t\t\t\t<a class=\"e-gallery-item elementor-gallery-item elementor-animated-content\" href=\"https:\/\/www.torradilalba.com\/wp-content\/uploads\/2025\/07\/Torra-di-lalba-2025-07-18-2.jpg\" data-elementor-open-lightbox=\"yes\" data-elementor-lightbox-slideshow=\"c03c60d\" data-elementor-lightbox-title=\"Torra di lalba - 2025 - 07 - 18-2\" data-e-action-hash=\"#elementor-action%3Aaction%3Dlightbox%26settings%3DeyJpZCI6MzE0MiwidXJsIjoiaHR0cHM6XC9cL3d3dy50b3JyYWRpbGFsYmEuY29tXC93cC1jb250ZW50XC91cGxvYWRzXC8yMDI1XC8wN1wvVG9ycmEtZGktbGFsYmEtMjAyNS0wNy0xOC0yLmpwZyIsInNsaWRlc2hvdyI6ImMwM2M2MGQifQ%3D%3D\">\n\t\t\t\t\t<div class=\"e-gallery-image elementor-gallery-item__image\" data-thumbnail=\"https:\/\/www.torradilalba.com\/wp-content\/uploads\/2025\/07\/Torra-di-lalba-2025-07-18-2-683x1024.jpg\" data-width=\"683\" data-height=\"1024\" aria-label=\"\" role=\"img\" ><\/div>\n\t\t\t\t\t\t\t\t\t\t\t<div class=\"elementor-gallery-item__overlay\"><\/div>\n\t\t\t\t\t\t\t\t\t\t\t\t\t\t<\/a>\n\t\t\t\t\t\t\t<a class=\"e-gallery-item elementor-gallery-item elementor-animated-content\" href=\"https:\/\/www.torradilalba.com\/wp-content\/uploads\/2025\/07\/Torra-di-lalba-2025-07-24-2.jpg\" data-elementor-open-lightbox=\"yes\" data-elementor-lightbox-slideshow=\"c03c60d\" data-elementor-lightbox-title=\"Torra di lalba - 2025 - 07 - 24-2\" data-e-action-hash=\"#elementor-action%3Aaction%3Dlightbox%26settings%3DeyJpZCI6MzE0OCwidXJsIjoiaHR0cHM6XC9cL3d3dy50b3JyYWRpbGFsYmEuY29tXC93cC1jb250ZW50XC91cGxvYWRzXC8yMDI1XC8wN1wvVG9ycmEtZGktbGFsYmEtMjAyNS0wNy0yNC0yLmpwZyIsInNsaWRlc2hvdyI6ImMwM2M2MGQifQ%3D%3D\">\n\t\t\t\t\t<div class=\"e-gallery-image elementor-gallery-item__image\" data-thumbnail=\"https:\/\/www.torradilalba.com\/wp-content\/uploads\/2025\/07\/Torra-di-lalba-2025-07-24-2-683x1024.jpg\" data-width=\"683\" data-height=\"1024\" aria-label=\"\" role=\"img\" ><\/div>\n\t\t\t\t\t\t\t\t\t\t\t<div class=\"elementor-gallery-item__overlay\"><\/div>\n\t\t\t\t\t\t\t\t\t\t\t\t\t\t<\/a>\n\t\t\t\t\t\t\t<a class=\"e-gallery-item elementor-gallery-item elementor-animated-content\" href=\"https:\/\/www.torradilalba.com\/wp-content\/uploads\/2025\/11\/TORRA-DI-LALBA-Shoot-Lea-Dumont-2-28-2-scaled.jpg\" data-elementor-open-lightbox=\"yes\" data-elementor-lightbox-slideshow=\"c03c60d\" data-elementor-lightbox-title=\"TORRA DI LALBA - Shoot Lea Dumont 2 - 28\" data-e-action-hash=\"#elementor-action%3Aaction%3Dlightbox%26settings%3DeyJpZCI6MzM2MCwidXJsIjoiaHR0cHM6XC9cL3d3dy50b3JyYWRpbGFsYmEuY29tXC93cC1jb250ZW50XC91cGxvYWRzXC8yMDI1XC8xMVwvVE9SUkEtREktTEFMQkEtU2hvb3QtTGVhLUR1bW9udC0yLTI4LTItc2NhbGVkLmpwZyIsInNsaWRlc2hvdyI6ImMwM2M2MGQifQ%3D%3D\">\n\t\t\t\t\t<div class=\"e-gallery-image elementor-gallery-item__image\" data-thumbnail=\"https:\/\/www.torradilalba.com\/wp-content\/uploads\/2025\/11\/TORRA-DI-LALBA-Shoot-Lea-Dumont-2-28-2-1024x683.jpg\" data-width=\"800\" data-height=\"534\" aria-label=\"\" role=\"img\" ><\/div>\n\t\t\t\t\t\t\t\t\t\t\t<div class=\"elementor-gallery-item__overlay\"><\/div>\n\t\t\t\t\t\t\t\t\t\t\t\t\t\t<\/a>\n\t\t\t\t\t\t\t<a class=\"e-gallery-item elementor-gallery-item elementor-animated-content\" href=\"https:\/\/www.torradilalba.com\/wp-content\/uploads\/2025\/07\/Torra-di-lalba-2025-07-38-2.jpg\" data-elementor-open-lightbox=\"yes\" data-elementor-lightbox-slideshow=\"c03c60d\" data-elementor-lightbox-title=\"Torra di lalba - 2025 - 07 - 38-2\" data-e-action-hash=\"#elementor-action%3Aaction%3Dlightbox%26settings%3DeyJpZCI6MzE2MiwidXJsIjoiaHR0cHM6XC9cL3d3dy50b3JyYWRpbGFsYmEuY29tXC93cC1jb250ZW50XC91cGxvYWRzXC8yMDI1XC8wN1wvVG9ycmEtZGktbGFsYmEtMjAyNS0wNy0zOC0yLmpwZyIsInNsaWRlc2hvdyI6ImMwM2M2MGQifQ%3D%3D\">\n\t\t\t\t\t<div class=\"e-gallery-image elementor-gallery-item__image\" data-thumbnail=\"https:\/\/www.torradilalba.com\/wp-content\/uploads\/2025\/07\/Torra-di-lalba-2025-07-38-2-683x1024.jpg\" data-width=\"683\" data-height=\"1024\" aria-label=\"\" role=\"img\" ><\/div>\n\t\t\t\t\t\t\t\t\t\t\t<div class=\"elementor-gallery-item__overlay\"><\/div>\n\t\t\t\t\t\t\t\t\t\t\t\t\t\t<\/a>\n\t\t\t\t\t\t\t<a class=\"e-gallery-item elementor-gallery-item elementor-animated-content\" href=\"https:\/\/www.torradilalba.com\/wp-content\/uploads\/2025\/07\/Torra-di-lalba-2025-07-1-2.jpg\" data-elementor-open-lightbox=\"yes\" data-elementor-lightbox-slideshow=\"c03c60d\" data-elementor-lightbox-title=\"Torra di lalba - 2025 - 07 - 1-2\" data-e-action-hash=\"#elementor-action%3Aaction%3Dlightbox%26settings%3DeyJpZCI6MzEyNSwidXJsIjoiaHR0cHM6XC9cL3d3dy50b3JyYWRpbGFsYmEuY29tXC93cC1jb250ZW50XC91cGxvYWRzXC8yMDI1XC8wN1wvVG9ycmEtZGktbGFsYmEtMjAyNS0wNy0xLTIuanBnIiwic2xpZGVzaG93IjoiYzAzYzYwZCJ9\">\n\t\t\t\t\t<div class=\"e-gallery-image elementor-gallery-item__image\" data-thumbnail=\"https:\/\/www.torradilalba.com\/wp-content\/uploads\/2025\/07\/Torra-di-lalba-2025-07-1-2-1024x683.jpg\" data-width=\"800\" data-height=\"534\" aria-label=\"\" role=\"img\" ><\/div>\n\t\t\t\t\t\t\t\t\t\t\t<div class=\"elementor-gallery-item__overlay\"><\/div>\n\t\t\t\t\t\t\t\t\t\t\t\t\t\t<\/a>\n\t\t\t\t\t\t\t<a class=\"e-gallery-item elementor-gallery-item elementor-animated-content\" href=\"https:\/\/www.torradilalba.com\/wp-content\/uploads\/2025\/11\/TORRA-DI-LALBA-Shoot-Lea-Dumont-2-52-scaled.jpg\" data-elementor-open-lightbox=\"yes\" data-elementor-lightbox-slideshow=\"c03c60d\" data-elementor-lightbox-title=\"TORRA DI LALBA - Shoot Lea Dumont 2 - 52\" data-e-action-hash=\"#elementor-action%3Aaction%3Dlightbox%26settings%3DeyJpZCI6MzM2MiwidXJsIjoiaHR0cHM6XC9cL3d3dy50b3JyYWRpbGFsYmEuY29tXC93cC1jb250ZW50XC91cGxvYWRzXC8yMDI1XC8xMVwvVE9SUkEtREktTEFMQkEtU2hvb3QtTGVhLUR1bW9udC0yLTUyLXNjYWxlZC5qcGciLCJzbGlkZXNob3ciOiJjMDNjNjBkIn0%3D\">\n\t\t\t\t\t<div class=\"e-gallery-image elementor-gallery-item__image\" data-thumbnail=\"https:\/\/www.torradilalba.com\/wp-content\/uploads\/2025\/11\/TORRA-DI-LALBA-Shoot-Lea-Dumont-2-52-1024x683.jpg\" data-width=\"800\" data-height=\"534\" aria-label=\"\" role=\"img\" ><\/div>\n\t\t\t\t\t\t\t\t\t\t\t<div class=\"elementor-gallery-item__overlay\"><\/div>\n\t\t\t\t\t\t\t\t\t\t\t\t\t\t<\/a>\n\t\t\t\t\t\t\t<a class=\"e-gallery-item elementor-gallery-item elementor-animated-content\" href=\"https:\/\/www.torradilalba.com\/wp-content\/uploads\/2025\/07\/Torra-di-lalba-2025-07-31-2.jpg\" data-elementor-open-lightbox=\"yes\" data-elementor-lightbox-slideshow=\"c03c60d\" data-elementor-lightbox-title=\"Torra di lalba - 2025 - 07 - 31-2\" data-e-action-hash=\"#elementor-action%3Aaction%3Dlightbox%26settings%3DeyJpZCI6MzE1NSwidXJsIjoiaHR0cHM6XC9cL3d3dy50b3JyYWRpbGFsYmEuY29tXC93cC1jb250ZW50XC91cGxvYWRzXC8yMDI1XC8wN1wvVG9ycmEtZGktbGFsYmEtMjAyNS0wNy0zMS0yLmpwZyIsInNsaWRlc2hvdyI6ImMwM2M2MGQifQ%3D%3D\">\n\t\t\t\t\t<div class=\"e-gallery-image elementor-gallery-item__image\" data-thumbnail=\"https:\/\/www.torradilalba.com\/wp-content\/uploads\/2025\/07\/Torra-di-lalba-2025-07-31-2-683x1024.jpg\" data-width=\"683\" data-height=\"1024\" aria-label=\"\" role=\"img\" ><\/div>\n\t\t\t\t\t\t\t\t\t\t\t<div class=\"elementor-gallery-item__overlay\"><\/div>\n\t\t\t\t\t\t\t\t\t\t\t\t\t\t<\/a>\n\t\t\t\t\t\t\t<a class=\"e-gallery-item elementor-gallery-item elementor-animated-content\" href=\"https:\/\/www.torradilalba.com\/wp-content\/uploads\/2025\/11\/TORRA-DI-LALBA-Shoot-Lea-Dumont-2-112-scaled.jpg\" data-elementor-open-lightbox=\"yes\" data-elementor-lightbox-slideshow=\"c03c60d\" data-elementor-lightbox-title=\"TORRA DI LALBA - Shoot Lea Dumont 2 - 112\" data-e-action-hash=\"#elementor-action%3Aaction%3Dlightbox%26settings%3DeyJpZCI6MzM2NCwidXJsIjoiaHR0cHM6XC9cL3d3dy50b3JyYWRpbGFsYmEuY29tXC93cC1jb250ZW50XC91cGxvYWRzXC8yMDI1XC8xMVwvVE9SUkEtREktTEFMQkEtU2hvb3QtTGVhLUR1bW9udC0yLTExMi1zY2FsZWQuanBnIiwic2xpZGVzaG93IjoiYzAzYzYwZCJ9\">\n\t\t\t\t\t<div class=\"e-gallery-image elementor-gallery-item__image\" data-thumbnail=\"https:\/\/www.torradilalba.com\/wp-content\/uploads\/2025\/11\/TORRA-DI-LALBA-Shoot-Lea-Dumont-2-112-683x1024.jpg\" data-width=\"683\" data-height=\"1024\" aria-label=\"\" role=\"img\" ><\/div>\n\t\t\t\t\t\t\t\t\t\t\t<div class=\"elementor-gallery-item__overlay\"><\/div>\n\t\t\t\t\t\t\t\t\t\t\t\t\t\t<\/a>\n\t\t\t\t\t\t\t<a class=\"e-gallery-item elementor-gallery-item elementor-animated-content\" href=\"https:\/\/www.torradilalba.com\/wp-content\/uploads\/2025\/11\/TORRA-DI-LALBA-Shoot-Lea-Dumont-2-53-1-scaled.jpg\" data-elementor-open-lightbox=\"yes\" data-elementor-lightbox-slideshow=\"c03c60d\" data-elementor-lightbox-title=\"TORRA DI LALBA - Shoot Lea Dumont 2 - 53\" data-e-action-hash=\"#elementor-action%3Aaction%3Dlightbox%26settings%3DeyJpZCI6MzM2MSwidXJsIjoiaHR0cHM6XC9cL3d3dy50b3JyYWRpbGFsYmEuY29tXC93cC1jb250ZW50XC91cGxvYWRzXC8yMDI1XC8xMVwvVE9SUkEtREktTEFMQkEtU2hvb3QtTGVhLUR1bW9udC0yLTUzLTEtc2NhbGVkLmpwZyIsInNsaWRlc2hvdyI6ImMwM2M2MGQifQ%3D%3D\">\n\t\t\t\t\t<div class=\"e-gallery-image elementor-gallery-item__image\" data-thumbnail=\"https:\/\/www.torradilalba.com\/wp-content\/uploads\/2025\/11\/TORRA-DI-LALBA-Shoot-Lea-Dumont-2-53-1-1024x683.jpg\" data-width=\"800\" data-height=\"534\" aria-label=\"\" role=\"img\" ><\/div>\n\t\t\t\t\t\t\t\t\t\t\t<div class=\"elementor-gallery-item__overlay\"><\/div>\n\t\t\t\t\t\t\t\t\t\t\t\t\t\t<\/a>\n\t\t\t\t\t\t\t<a class=\"e-gallery-item elementor-gallery-item elementor-animated-content\" href=\"https:\/\/www.torradilalba.com\/wp-content\/uploads\/2025\/07\/Torra-di-lalba-2025-07-4-2.jpg\" data-elementor-open-lightbox=\"yes\" data-elementor-lightbox-slideshow=\"c03c60d\" data-elementor-lightbox-title=\"Torra di lalba - 2025 - 07 - 4-2\" data-e-action-hash=\"#elementor-action%3Aaction%3Dlightbox%26settings%3DeyJpZCI6MzEyOCwidXJsIjoiaHR0cHM6XC9cL3d3dy50b3JyYWRpbGFsYmEuY29tXC93cC1jb250ZW50XC91cGxvYWRzXC8yMDI1XC8wN1wvVG9ycmEtZGktbGFsYmEtMjAyNS0wNy00LTIuanBnIiwic2xpZGVzaG93IjoiYzAzYzYwZCJ9\">\n\t\t\t\t\t<div class=\"e-gallery-image elementor-gallery-item__image\" data-thumbnail=\"https:\/\/www.torradilalba.com\/wp-content\/uploads\/2025\/07\/Torra-di-lalba-2025-07-4-2-683x1024.jpg\" data-width=\"683\" data-height=\"1024\" aria-label=\"\" role=\"img\" ><\/div>\n\t\t\t\t\t\t\t\t\t\t\t<div class=\"elementor-gallery-item__overlay\"><\/div>\n\t\t\t\t\t\t\t\t\t\t\t\t\t\t<\/a>\n\t\t\t\t\t<\/div>\n\t\t\t\t\t<\/div>\n\t\t\t\t<div class=\"elementor-element elementor-element-f2670e7 elementor-align-center elementor-widget elementor-widget-button\" data-id=\"f2670e7\" data-element_type=\"widget\" data-widget_type=\"button.default\">\n\t\t\t\t\t\t\t\t\t\t<a class=\"elementor-button elementor-button-link elementor-size-sm\" href=\"https:\/\/www.torradilalba.com\/de\/en-images\/\">\n\t\t\t\t\t\t<span class=\"elementor-button-content-wrapper\">\n\t\t\t\t\t\t\t\t\t<span class=\"elementor-button-text\">Weitere Fotos<\/span>\n\t\t\t\t\t<\/span>\n\t\t\t\t\t<\/a>\n\t\t\t\t\t\t\t\t<\/div>\n\t\t\t\t\t<\/div>\n\t\t\t\t<\/div>\n\t\t\t\t<\/div>","protected":false},"excerpt":{"rendered":"<p>Ein au\u00dfergew\u00f6hnlicher Ort zwischen Meer und Macchia, Modernit\u00e4t und Erbe Haus mit 3 Schlafzimmern und Pool zu vermieten in Viggianello auf Korsika Entdecken Sie unser Haus zu vermieten 5 min von Propriano Oase des Friedens &amp; der Eleganz im Herzen von S\u00fcdkorsika Mit Blick auf den Golf von Valinco, Torra di l'Alba ist viel mehr [...].<\/p>","protected":false},"author":1,"featured_media":0,"parent":0,"menu_order":0,"comment_status":"closed","ping_status":"closed","template":"","meta":{"footnotes":""},"class_list":["post-3116","page","type-page","status-publish","hentry"],"yoast_head":"<!-- This site is optimized with the Yoast SEO plugin v25.4 - https:\/\/yoast.com\/wordpress\/plugins\/seo\/ -->\n<title>Torra di l&#039;Alba - Maison d&#039;exception \u00e0 louer \u00e0 Viggianello<\/title>\n<meta name=\"description\" content=\"A Viggianello, \u00e0 quelques minutes de Propriano, d\u00e9couvrez cette maison d&#039;exception, avec piscine et vue sur la mer.\" \/>\n<meta name=\"robots\" content=\"index, follow, max-snippet:-1, max-image-preview:large, max-video-preview:-1\" \/>\n<link rel=\"canonical\" href=\"https:\/\/www.torradilalba.com\/de\/\" \/>\n<meta property=\"og:locale\" content=\"de_DE\" \/>\n<meta property=\"og:type\" content=\"article\" \/>\n<meta property=\"og:title\" content=\"Torra di l&#039;Alba - Maison d&#039;exception \u00e0 louer \u00e0 Viggianello\" \/>\n<meta property=\"og:description\" content=\"A Viggianello, \u00e0 quelques minutes de Propriano, d\u00e9couvrez cette maison d&#039;exception, avec piscine et vue sur la mer.\" \/>\n<meta property=\"og:url\" content=\"https:\/\/www.torradilalba.com\/de\/\" \/>\n<meta property=\"og:site_name\" content=\"Torra di l&#039;Alba\" \/>\n<meta property=\"article:modified_time\" content=\"2026-02-25T05:28:15+00:00\" \/>\n<meta property=\"og:image\" content=\"https:\/\/www.torradilalba.com\/wp-content\/uploads\/2025\/07\/Torra-di-lalba-2025-07-1-2.jpg\" \/>\n<meta name=\"twitter:card\" content=\"summary_large_image\" \/>\n<meta name=\"twitter:label1\" content=\"Gesch\u00e4tzte Lesezeit\" \/>\n\t<meta name=\"twitter:data1\" content=\"4\u00a0Minuten\" \/>\n<script type=\"application\/ld+json\" class=\"yoast-schema-graph\">{\"@context\":\"https:\/\/schema.org\",\"@graph\":[{\"@type\":\"WebPage\",\"@id\":\"https:\/\/www.torradilalba.com\/\",\"url\":\"https:\/\/www.torradilalba.com\/\",\"name\":\"Torra di l'Alba - Maison d'exception \u00e0 louer \u00e0 Viggianello\",\"isPartOf\":{\"@id\":\"https:\/\/www.torradilalba.com\/#website\"},\"primaryImageOfPage\":{\"@id\":\"https:\/\/www.torradilalba.com\/#primaryimage\"},\"image\":{\"@id\":\"https:\/\/www.torradilalba.com\/#primaryimage\"},\"thumbnailUrl\":\"https:\/\/www.torradilalba.com\/wp-content\/uploads\/2025\/07\/Torra-di-lalba-2025-07-1-2.jpg\",\"datePublished\":\"2025-07-11T07:36:19+00:00\",\"dateModified\":\"2026-02-25T05:28:15+00:00\",\"description\":\"A Viggianello, \u00e0 quelques minutes de Propriano, d\u00e9couvrez cette maison d'exception, avec piscine et vue sur la mer.\",\"breadcrumb\":{\"@id\":\"https:\/\/www.torradilalba.com\/#breadcrumb\"},\"inLanguage\":\"de\",\"potentialAction\":[{\"@type\":\"ReadAction\",\"target\":[\"https:\/\/www.torradilalba.com\/\"]}]},{\"@type\":\"ImageObject\",\"inLanguage\":\"de\",\"@id\":\"https:\/\/www.torradilalba.com\/#primaryimage\",\"url\":\"https:\/\/www.torradilalba.com\/wp-content\/uploads\/2025\/07\/Torra-di-lalba-2025-07-1-2.jpg\",\"contentUrl\":\"https:\/\/www.torradilalba.com\/wp-content\/uploads\/2025\/07\/Torra-di-lalba-2025-07-1-2.jpg\"},{\"@type\":\"BreadcrumbList\",\"@id\":\"https:\/\/www.torradilalba.com\/#breadcrumb\",\"itemListElement\":[{\"@type\":\"ListItem\",\"position\":1,\"name\":\"Accueil\",\"item\":\"https:\/\/www.torradilalba.com\/\"},{\"@type\":\"ListItem\",\"position\":2,\"name\":\"Accueil\"}]},{\"@type\":\"WebSite\",\"@id\":\"https:\/\/www.torradilalba.com\/#website\",\"url\":\"https:\/\/www.torradilalba.com\/\",\"name\":\"Torra di l&#039;Alba\",\"description\":\"Maison \u00e0 louer \u00e0 Viggianello, Corse\",\"publisher\":{\"@id\":\"https:\/\/www.torradilalba.com\/#organization\"},\"potentialAction\":[{\"@type\":\"SearchAction\",\"target\":{\"@type\":\"EntryPoint\",\"urlTemplate\":\"https:\/\/www.torradilalba.com\/?s={search_term_string}\"},\"query-input\":{\"@type\":\"PropertyValueSpecification\",\"valueRequired\":true,\"valueName\":\"search_term_string\"}}],\"inLanguage\":\"de\"},{\"@type\":\"Organization\",\"@id\":\"https:\/\/www.torradilalba.com\/#organization\",\"name\":\"Torra di l&#039;Alba\",\"url\":\"https:\/\/www.torradilalba.com\/\",\"logo\":{\"@type\":\"ImageObject\",\"inLanguage\":\"de\",\"@id\":\"https:\/\/www.torradilalba.com\/#\/schema\/logo\/image\/\",\"url\":\"https:\/\/www.torradilalba.com\/wp-content\/uploads\/2025\/07\/cropped-Torra-di-lAlba.png\",\"contentUrl\":\"https:\/\/www.torradilalba.com\/wp-content\/uploads\/2025\/07\/cropped-Torra-di-lAlba.png\",\"width\":599,\"height\":324,\"caption\":\"Torra di l&#039;Alba\"},\"image\":{\"@id\":\"https:\/\/www.torradilalba.com\/#\/schema\/logo\/image\/\"}}]}<\/script>\n<!-- \/ Yoast SEO plugin. -->","yoast_head_json":{"title":"Torra di l'Alba - Maison d'exception \u00e0 louer \u00e0 Viggianello","description":"A Viggianello, \u00e0 quelques minutes de Propriano, d\u00e9couvrez cette maison d'exception, avec piscine et vue sur la mer.","robots":{"index":"index","follow":"follow","max-snippet":"max-snippet:-1","max-image-preview":"max-image-preview:large","max-video-preview":"max-video-preview:-1"},"canonical":"https:\/\/www.torradilalba.com\/de\/","og_locale":"de_DE","og_type":"article","og_title":"Torra di l'Alba - Maison d'exception \u00e0 louer \u00e0 Viggianello","og_description":"A Viggianello, \u00e0 quelques minutes de Propriano, d\u00e9couvrez cette maison d'exception, avec piscine et vue sur la mer.","og_url":"https:\/\/www.torradilalba.com\/de\/","og_site_name":"Torra di l&#039;Alba","article_modified_time":"2026-02-25T05:28:15+00:00","og_image":[{"url":"https:\/\/www.torradilalba.com\/wp-content\/uploads\/2025\/07\/Torra-di-lalba-2025-07-1-2.jpg","type":"","width":"","height":""}],"twitter_card":"summary_large_image","twitter_misc":{"Gesch\u00e4tzte Lesezeit":"4\u00a0Minuten"},"schema":{"@context":"https:\/\/schema.org","@graph":[{"@type":"WebPage","@id":"https:\/\/www.torradilalba.com\/","url":"https:\/\/www.torradilalba.com\/","name":"Torra di l'Alba - Maison d'exception \u00e0 louer \u00e0 Viggianello","isPartOf":{"@id":"https:\/\/www.torradilalba.com\/#website"},"primaryImageOfPage":{"@id":"https:\/\/www.torradilalba.com\/#primaryimage"},"image":{"@id":"https:\/\/www.torradilalba.com\/#primaryimage"},"thumbnailUrl":"https:\/\/www.torradilalba.com\/wp-content\/uploads\/2025\/07\/Torra-di-lalba-2025-07-1-2.jpg","datePublished":"2025-07-11T07:36:19+00:00","dateModified":"2026-02-25T05:28:15+00:00","description":"A Viggianello, \u00e0 quelques minutes de Propriano, d\u00e9couvrez cette maison d'exception, avec piscine et vue sur la mer.","breadcrumb":{"@id":"https:\/\/www.torradilalba.com\/#breadcrumb"},"inLanguage":"de","potentialAction":[{"@type":"ReadAction","target":["https:\/\/www.torradilalba.com\/"]}]},{"@type":"ImageObject","inLanguage":"de","@id":"https:\/\/www.torradilalba.com\/#primaryimage","url":"https:\/\/www.torradilalba.com\/wp-content\/uploads\/2025\/07\/Torra-di-lalba-2025-07-1-2.jpg","contentUrl":"https:\/\/www.torradilalba.com\/wp-content\/uploads\/2025\/07\/Torra-di-lalba-2025-07-1-2.jpg"},{"@type":"BreadcrumbList","@id":"https:\/\/www.torradilalba.com\/#breadcrumb","itemListElement":[{"@type":"ListItem","position":1,"name":"Accueil","item":"https:\/\/www.torradilalba.com\/"},{"@type":"ListItem","position":2,"name":"Accueil"}]},{"@type":"WebSite","@id":"https:\/\/www.torradilalba.com\/#website","url":"https:\/\/www.torradilalba.com\/","name":"Torra di l&#039;Alba","description":"Haus zu vermieten in Viggianello, Korsika","publisher":{"@id":"https:\/\/www.torradilalba.com\/#organization"},"potentialAction":[{"@type":"SearchAction","target":{"@type":"EntryPoint","urlTemplate":"https:\/\/www.torradilalba.com\/?s={search_term_string}"},"query-input":{"@type":"PropertyValueSpecification","valueRequired":true,"valueName":"search_term_string"}}],"inLanguage":"de"},{"@type":"Organization","@id":"https:\/\/www.torradilalba.com\/#organization","name":"Torra di l&#039;Alba","url":"https:\/\/www.torradilalba.com\/","logo":{"@type":"ImageObject","inLanguage":"de","@id":"https:\/\/www.torradilalba.com\/#\/schema\/logo\/image\/","url":"https:\/\/www.torradilalba.com\/wp-content\/uploads\/2025\/07\/cropped-Torra-di-lAlba.png","contentUrl":"https:\/\/www.torradilalba.com\/wp-content\/uploads\/2025\/07\/cropped-Torra-di-lAlba.png","width":599,"height":324,"caption":"Torra di l&#039;Alba"},"image":{"@id":"https:\/\/www.torradilalba.com\/#\/schema\/logo\/image\/"}}]}},"_links":{"self":[{"href":"https:\/\/www.torradilalba.com\/de\/wp-json\/wp\/v2\/pages\/3116","targetHints":{"allow":["GET"]}}],"collection":[{"href":"https:\/\/www.torradilalba.com\/de\/wp-json\/wp\/v2\/pages"}],"about":[{"href":"https:\/\/www.torradilalba.com\/de\/wp-json\/wp\/v2\/types\/page"}],"author":[{"embeddable":true,"href":"https:\/\/www.torradilalba.com\/de\/wp-json\/wp\/v2\/users\/1"}],"replies":[{"embeddable":true,"href":"https:\/\/www.torradilalba.com\/de\/wp-json\/wp\/v2\/comments?post=3116"}],"version-history":[{"count":0,"href":"https:\/\/www.torradilalba.com\/de\/wp-json\/wp\/v2\/pages\/3116\/revisions"}],"wp:attachment":[{"href":"https:\/\/www.torradilalba.com\/de\/wp-json\/wp\/v2\/media?parent=3116"}],"curies":[{"name":"wp","href":"https:\/\/api.w.org\/{rel}","templated":true}]}}